{"id":9,"date":"2015-10-06T17:53:57","date_gmt":"2015-10-06T15:53:57","guid":{"rendered":"http:\/\/fotodaniel.de\/wp\/?page_id=9"},"modified":"2015-10-06T17:53:57","modified_gmt":"2015-10-06T15:53:57","slug":"portfolio","status":"publish","type":"page","link":"http:\/\/fotodaniel.de\/?page_id=9","title":{"rendered":"Portfolio"},"content":{"rendered":"<div>Meine Schwerpunkte liegen vor allem in der Portraitfotografie.<\/div>\n<div>Das k\u00f6nnen Fotos von Ihrem\u00a0Baby<span style=\"color: black;\">, Ihren Kindern, Ihrer Familie<\/span>\u00a0und nat\u00fcrlich auch von Ihnen sein.<\/div>\n<div><\/div>\n<div>Gerade in der Portraitfotografie geht es nicht allein um das Handwerk Fotografie, sondern\u00a0mit viel\u00a0Einf\u00fchlungsverm\u00f6gen und Fingerspitzengef\u00fchl<\/div>\n<div>Ihre besonderen Momente festzuhalten.<\/div>\n<div><\/div>\n<div>Anl\u00e4sse wie Einschulung, Kommunion und Konfirmation setzte ich Ihnen gerne in Bild um.<\/div>\n<div><\/div>\n<div>Lassen Sie sich von mir besondere Momentaufnahmen sichern: mit modernen\u00a0Hochzeitsfotos<strong>.<\/strong><\/div>\n<div><\/div>\n<div>Aber wo auch immer und was auch immer, Sie m\u00fcssen sich wohlf\u00fchlen!<\/div>\n<div><\/div>\n<div>Beim Fotoshooting und vor allem mit dem Ergebnis.<\/div>\n<div><\/div>\n<div>Das ist mir wichtig!<\/div>\n<div><\/div>\n<div>Schauen Sie selbst&#8230;&#8230;<\/div>\n","protected":false},"excerpt":{"rendered":"<p>Meine Schwerpunkte liegen vor allem in der Portraitfotografie. Das k\u00f6nnen Fotos von Ihrem\u00a0Baby, Ihren Kindern, Ihrer Familie\u00a0und nat\u00fcrlich auch von Ihnen sein. Gerade in der Portraitfotografie geht es nicht allein um das Handwerk Fotografie, sondern\u00a0mit viel\u00a0Einf\u00fchlungsverm\u00f6gen und Fingerspitzengef\u00fchl Ihre besonderen &hellip; <a href=\"http:\/\/fotodaniel.de\/?page_id=9\">Weiter<\/a><\/p>\n","protected":false},"author":1,"featured_media":0,"parent":0,"menu_order":0,"comment_status":"closed","ping_status":"closed","template":"page-fullwidth.php","meta":[],"_links":{"self":[{"href":"http:\/\/fotodaniel.de\/index.php?rest_route=\/wp\/v2\/pages\/9"}],"collection":[{"href":"http:\/\/fotodaniel.de\/index.php?rest_route=\/wp\/v2\/pages"}],"about":[{"href":"http:\/\/fotodaniel.de\/index.php?rest_route=\/wp\/v2\/types\/page"}],"author":[{"embeddable":true,"href":"http:\/\/fotodaniel.de\/index.php?rest_route=\/wp\/v2\/users\/1"}],"replies":[{"embeddable":true,"href":"http:\/\/fotodaniel.de\/index.php?rest_route=%2Fwp%2Fv2%2Fcomments&post=9"}],"version-history":[{"count":1,"href":"http:\/\/fotodaniel.de\/index.php?rest_route=\/wp\/v2\/pages\/9\/revisions"}],"predecessor-version":[{"id":10,"href":"http:\/\/fotodaniel.de\/index.php?rest_route=\/wp\/v2\/pages\/9\/revisions\/10"}],"wp:attachment":[{"href":"http:\/\/fotodaniel.de\/index.php?rest_route=%2Fwp%2Fv2%2Fmedia&parent=9"}],"curies":[{"name":"wp","href":"https:\/\/api.w.org\/{rel}","templated":true}]}}